{"id":889,"date":"2018-03-03T20:07:12","date_gmt":"2018-03-03T19:07:12","guid":{"rendered":"https:\/\/archiwumsp1.zsobystrzyca.pl\/?page_id=889"},"modified":"2023-10-16T10:36:18","modified_gmt":"2023-10-16T09:36:18","slug":"zaproszenia-i-ogloszenia","status":"publish","type":"page","link":"https:\/\/archiwumsp1.zsobystrzyca.pl\/?page_id=889","title":{"rendered":"ZAPROSZENIA I OG\u0141OSZENIA"},"content":{"rendered":"\r\n<div><img loading=\"lazy\" decoding=\"async\" class=\"aligncenter  wp-image-2358\" src=\"https:\/\/archiwumsp1.zsobystrzyca.pl\/wp-content\/uploads\/2023\/10\/andrzejki-212x300.png\" alt=\"\" width=\"312\" height=\"442\" srcset=\"https:\/\/archiwumsp1.zsobystrzyca.pl\/wp-content\/uploads\/2023\/10\/andrzejki-212x300.png 212w, https:\/\/archiwumsp1.zsobystrzyca.pl\/wp-content\/uploads\/2023\/10\/andrzejki-724x1024.png 724w, https:\/\/archiwumsp1.zsobystrzyca.pl\/wp-content\/uploads\/2023\/10\/andrzejki-768x1086.png 768w, https:\/\/archiwumsp1.zsobystrzyca.pl\/wp-content\/uploads\/2023\/10\/andrzejki-1086x1536.png 1086w, https:\/\/archiwumsp1.zsobystrzyca.pl\/wp-content\/uploads\/2023\/10\/andrzejki-1448x2048.png 1448w, https:\/\/archiwumsp1.zsobystrzyca.pl\/wp-content\/uploads\/2023\/10\/andrzejki-655x926.png 655w\" sizes=\"(max-width: 312px) 100vw, 312px\" \/><\/div>\r\n<div>\u00a0<\/div>\r\n<div>\u00a0<\/div>\r\n<div class=\"wp-block-file\"><span style=\"font-size: 14pt;\"><a href=\"https:\/\/archiwumsp1.zsobystrzyca.pl\/wp-content\/uploads\/2020\/09\/programwychowawczy.2020.pdf\">Program wychowawczo-profilaktyczny 2020<\/a><a class=\"wp-block-file__button\" href=\"https:\/\/archiwumsp1.zsobystrzyca.pl\/wp-content\/uploads\/2020\/09\/programwychowawczy.2020.pdf\" download=\"\">Pobierz<\/a><\/span><\/div>\r\n\r\n\r\n\r\n<p><a href=\"https:\/\/archiwumsp1.zsobystrzyca.pl\/wp-content\/uploads\/2020\/04\/listavprzyjetych-do-kl.1-sp.pdf\">Lista kandydat\u00f3w przyj\u0119tych do klasy pierwszej<\/a><\/p>\r\n\r\n\r\n\r\n<p class=\"has-large-font-size\">Drodzy Rodzice<\/p>\r\n\r\n\r\n\r\n<p>W zwi\u0105zku z og\u0142oszonym stanem epidemii oraz ograniczeniem funkcjonowania jednostek systemu o\u015bwiaty ,prosz\u0119 potwierdzenie woli zapisu dziecka do klasy pierwszej szko\u0142y podstawowej zg\u0142asza\u0107 drog\u0105 telefoniczn\u0105.<\/p>\r\n\r\n\r\n\r\n<p class=\"has-medium-font-size\">tel. sekretariatu szko\u0142y 74 644 28 40 w godzinach 9:00 \u2013 13:00; od poniedzia\u0142ku do pi\u0105tku.<\/p>\r\n\r\n\r\n\r\n<p class=\"has-medium-font-size\">adres e-mail: sekretariat@zso.bystrzyca.eu<\/p>\r\n\r\n\r\n\r\n<p>&nbsp;<\/p>\r\n\r\n\r\n\r\n<p>&nbsp;<\/p>\r\n\r\n\r\n\r\n<p class=\"has-large-font-size\"><strong><a href=\"https:\/\/archiwumsp1.zsobystrzyca.pl\/wp-content\/uploads\/2020\/03\/terminy-konsultacji.pdf\">Terminy konsultacji dla uczni\u00f3w<\/a><\/strong><\/p>\r\n\r\n\r\n\r\n<figure class=\"wp-block-image size-large\"><img loading=\"lazy\" decoding=\"async\" width=\"1000\" height=\"400\" class=\"wp-image-1873\" src=\"https:\/\/archiwumsp1.zsobystrzyca.pl\/wp-content\/uploads\/2020\/03\/\u015bwi\u0119to-szko\u0142y.jpg\" alt=\"\" srcset=\"https:\/\/archiwumsp1.zsobystrzyca.pl\/wp-content\/uploads\/2020\/03\/\u015bwi\u0119to-szko\u0142y.jpg 1000w, https:\/\/archiwumsp1.zsobystrzyca.pl\/wp-content\/uploads\/2020\/03\/\u015bwi\u0119to-szko\u0142y-300x120.jpg 300w, https:\/\/archiwumsp1.zsobystrzyca.pl\/wp-content\/uploads\/2020\/03\/\u015bwi\u0119to-szko\u0142y-768x307.jpg 768w, https:\/\/archiwumsp1.zsobystrzyca.pl\/wp-content\/uploads\/2020\/03\/\u015bwi\u0119to-szko\u0142y-655x262.jpg 655w\" sizes=\"(max-width: 1000px) 100vw, 1000px\" \/><\/figure>\r\n\r\n\r\n\r\n<figure class=\"wp-block-image size-large\"><a href=\"https:\/\/archiwumsp1.zsobystrzyca.pl\/?p=1836\"><img decoding=\"async\" src=\"https:\/\/archiwumsp1.zsobystrzyca.pl\/?p=1836\" alt=\"\" \/><\/a><\/figure>\r\n\r\n\r\n\r\n<figure class=\"wp-block-image size-large\"><img loading=\"lazy\" decoding=\"async\" width=\"1024\" height=\"724\" class=\"wp-image-1778\" src=\"https:\/\/archiwumsp1.zsobystrzyca.pl\/wp-content\/uploads\/2020\/02\/informacja-o-rekrutacji-8-pdf-1024x724.jpg\" alt=\"\" \/><\/figure>\r\n\r\n\r\n\r\n<p><strong>Zg\u0142oszenie dziecka zamieszka\u0142ego w obwodzie szko\u0142y do szko\u0142y podstawowej<\/strong><\/p>\r\n\r\n\r\n\r\n<figure class=\"wp-block-embed\">\r\n<div class=\"wp-block-embed__wrapper\">https:\/\/archiwumsp1.zsobystrzyca.pl\/wp-content\/uploads\/2020\/02\/Podanie-SP1-dla-dzieci-z-obwodu-szkolnego-5.pdf<\/div>\r\n<\/figure>\r\n","protected":false},"excerpt":{"rendered":"<p>Lista kandydat\u00f3w przyj\u0119tych do klasy pierwszej Drodzy Rodzice W zwi\u0105zku z og\u0142oszonym stanem epidemii oraz ograniczeniem funkcjonowania jednostek systemu o\u015bwiaty ,prosz\u0119 potwierdzenie woli zapisu dziecka do klasy pierwszej szko\u0142y podstawowej zg\u0142asza\u0107 drog\u0105 telefoniczn\u0105. tel. sekretariatu&#8230;<\/p>\n","protected":false},"author":2,"featured_media":0,"parent":0,"menu_order":0,"comment_status":"closed","ping_status":"closed","template":"","meta":{"footnotes":""},"_links":{"self":[{"href":"https:\/\/archiwumsp1.zsobystrzyca.pl\/index.php?rest_route=\/wp\/v2\/pages\/889"}],"collection":[{"href":"https:\/\/archiwumsp1.zsobystrzyca.pl\/index.php?rest_route=\/wp\/v2\/pages"}],"about":[{"href":"https:\/\/archiwumsp1.zsobystrzyca.pl\/index.php?rest_route=\/wp\/v2\/types\/page"}],"author":[{"embeddable":true,"href":"https:\/\/archiwumsp1.zsobystrzyca.pl\/index.php?rest_route=\/wp\/v2\/users\/2"}],"replies":[{"embeddable":true,"href":"https:\/\/archiwumsp1.zsobystrzyca.pl\/index.php?rest_route=%2Fwp%2Fv2%2Fcomments&post=889"}],"version-history":[{"count":51,"href":"https:\/\/archiwumsp1.zsobystrzyca.pl\/index.php?rest_route=\/wp\/v2\/pages\/889\/revisions"}],"predecessor-version":[{"id":2379,"href":"https:\/\/archiwumsp1.zsobystrzyca.pl\/index.php?rest_route=\/wp\/v2\/pages\/889\/revisions\/2379"}],"wp:attachment":[{"href":"https:\/\/archiwumsp1.zsobystrzyca.pl\/index.php?rest_route=%2Fwp%2Fv2%2Fmedia&parent=889"}],"curies":[{"name":"wp","href":"https:\/\/api.w.org\/{rel}","templated":true}]}}