{"id":608,"date":"2017-12-04T09:16:43","date_gmt":"2017-12-04T09:16:43","guid":{"rendered":"https:\/\/archiwumsp1.zsobystrzyca.pl\/?page_id=608"},"modified":"2017-12-04T09:28:57","modified_gmt":"2017-12-04T09:28:57","slug":"programu-edukacyjnego-fundacji-pgnig","status":"publish","type":"page","link":"https:\/\/archiwumsp1.zsobystrzyca.pl\/?page_id=608","title":{"rendered":"Program Edukacyjny Fundacji PGNiG"},"content":{"rendered":"<p style=\"text-align: left;\"><a href=\"https:\/\/archiwumsp1.zsobystrzyca.pl\/wp-content\/uploads\/2017\/12\/pgnig.png\"><img loading=\"lazy\" decoding=\"async\" class=\" wp-image-611 alignright\" src=\"https:\/\/archiwumsp1.zsobystrzyca.pl\/wp-content\/uploads\/2017\/12\/pgnig-300x227.png\" alt=\"\" width=\"251\" height=\"190\" srcset=\"https:\/\/archiwumsp1.zsobystrzyca.pl\/wp-content\/uploads\/2017\/12\/pgnig-300x227.png 300w, https:\/\/archiwumsp1.zsobystrzyca.pl\/wp-content\/uploads\/2017\/12\/pgnig.png 313w\" sizes=\"(max-width: 251px) 100vw, 251px\" \/><\/a>Pom\u00f3\u017cmy Polsce odetchn\u0105\u0107 od smogu!<br \/>\nNasza szko\u0142a przyst\u0105pi\u0142a do Programu Edukacyjnego Fundacji PGNiG \u201eRodzice i Dzieci. Powietrze bez \u015bmieci\u201d. Projekt skierowany jest do dzieci z klas I-III. Wprowadza tematyk\u0119 powietrza, jego zanieczyszcze\u0144 i sposob\u00f3w w jaki mo\u017cna im zapobiega\u0107. W\u015br\u00f3d szk\u00f3\u0142, kt\u00f3re zrealizuj\u0105 wszystkie lekcje i prze\u015bl\u0105 potwierdzaj\u0105cy to raport wybierze si\u0119 3 laureat\u00f3w, kt\u00f3rzy wygraj\u0105 wyposa\u017cenie pracowni przyrodniczych .<br \/>\nRafa\u0142 Marek<\/p>\n","protected":false},"excerpt":{"rendered":"<p>Pom\u00f3\u017cmy Polsce odetchn\u0105\u0107 od smogu! Nasza szko\u0142a przyst\u0105pi\u0142a do Programu Edukacyjnego Fundacji PGNiG \u201eRodzice i Dzieci. Powietrze bez \u015bmieci\u201d. Projekt skierowany jest do dzieci z klas I-III. Wprowadza tematyk\u0119 powietrza, jego zanieczyszcze\u0144 i sposob\u00f3w w&#8230;<\/p>\n","protected":false},"author":1,"featured_media":0,"parent":428,"menu_order":0,"comment_status":"closed","ping_status":"closed","template":"","meta":{"footnotes":""},"_links":{"self":[{"href":"https:\/\/archiwumsp1.zsobystrzyca.pl\/index.php?rest_route=\/wp\/v2\/pages\/608"}],"collection":[{"href":"https:\/\/archiwumsp1.zsobystrzyca.pl\/index.php?rest_route=\/wp\/v2\/pages"}],"about":[{"href":"https:\/\/archiwumsp1.zsobystrzyca.pl\/index.php?rest_route=\/wp\/v2\/types\/page"}],"author":[{"embeddable":true,"href":"https:\/\/archiwumsp1.zsobystrzyca.pl\/index.php?rest_route=\/wp\/v2\/users\/1"}],"replies":[{"embeddable":true,"href":"https:\/\/archiwumsp1.zsobystrzyca.pl\/index.php?rest_route=%2Fwp%2Fv2%2Fcomments&post=608"}],"version-history":[{"count":4,"href":"https:\/\/archiwumsp1.zsobystrzyca.pl\/index.php?rest_route=\/wp\/v2\/pages\/608\/revisions"}],"predecessor-version":[{"id":615,"href":"https:\/\/archiwumsp1.zsobystrzyca.pl\/index.php?rest_route=\/wp\/v2\/pages\/608\/revisions\/615"}],"up":[{"embeddable":true,"href":"https:\/\/archiwumsp1.zsobystrzyca.pl\/index.php?rest_route=\/wp\/v2\/pages\/428"}],"wp:attachment":[{"href":"https:\/\/archiwumsp1.zsobystrzyca.pl\/index.php?rest_route=%2Fwp%2Fv2%2Fmedia&parent=608"}],"curies":[{"name":"wp","href":"https:\/\/api.w.org\/{rel}","templated":true}]}}