{"id":2044,"date":"2021-06-30T11:13:11","date_gmt":"2021-06-30T10:13:11","guid":{"rendered":"https:\/\/archiwumsp1.zsobystrzyca.pl\/?page_id=2044"},"modified":"2021-06-30T11:13:11","modified_gmt":"2021-06-30T10:13:11","slug":"erasmus","status":"publish","type":"page","link":"https:\/\/archiwumsp1.zsobystrzyca.pl\/?page_id=2044","title":{"rendered":"ERASMUS+"},"content":{"rendered":"<p style=\"text-align: center;\"><img loading=\"lazy\" decoding=\"async\" class=\"alignnone size-medium wp-image-2045\" src=\"https:\/\/archiwumsp1.zsobystrzyca.pl\/wp-content\/uploads\/2021\/06\/pobrane-1-300x94.png\" alt=\"\" width=\"300\" height=\"94\" srcset=\"https:\/\/archiwumsp1.zsobystrzyca.pl\/wp-content\/uploads\/2021\/06\/pobrane-1-300x94.png 300w, https:\/\/archiwumsp1.zsobystrzyca.pl\/wp-content\/uploads\/2021\/06\/pobrane-1.png 401w\" sizes=\"(max-width: 300px) 100vw, 300px\" \/> <img loading=\"lazy\" decoding=\"async\" class=\"alignnone size-full wp-image-2047\" src=\"https:\/\/archiwumsp1.zsobystrzyca.pl\/wp-content\/uploads\/2021\/06\/logo1.png\" alt=\"\" width=\"116\" height=\"144\" \/><\/p>\n<p style=\"text-align: center;\"><span style=\"color: #0000ff;\"><strong>ERASMUS+<\/strong><\/span><\/p>\n<p style=\"text-align: center;\"><span style=\"color: #0000ff;\"><strong>KA101 EDUKACJA SZKOLNA<\/strong><\/span><\/p>\n<p style=\"text-align: center;\"><span style=\"color: #0000ff;\"><strong>MOBILNO\u015a\u0106 KADRY EDUKACJI SZKOLNEJ<\/strong><\/span><\/p>\n<p>&nbsp;<\/p>\n<p style=\"text-align: center;\"><span style=\"color: #3366ff;\"><span style=\"text-decoration: underline;\">Projekt:<\/span>\u00a0Przygotowanie do wprowadzenia nauczania w klasach dwuj\u0119zycznych oraz do wprowadzenia element\u00f3w matury mi\u0119dzynarodowej- nowa o\u015b rozwoju kadry pracowniczej<\/span><\/p>\n<p style=\"text-align: center;\"><span style=\"color: #3366ff;\">w Zespole Szk\u00f3l Og\u00f3lnokszta\u0142c\u0105cych w Bystrzycy K\u0142odzkiej<\/span><\/p>\n<p>&nbsp;<\/p>\n<p style=\"text-align: center;\"><span style=\"color: #ff6600;\">Termin: 1.10.2020 \u2013 31.08.2022<\/span><\/p>\n<p><strong>Za\u0142o\u017cenia projektu:<\/strong><\/p>\n<p>\u2013 podniesienie kompetencji j\u0119zykowych kadry<\/p>\n<p>\u2013 Podniesienie kompetencji z zakresu ICT<\/p>\n<p>\u2013 wymiany uczniowskie, dzi\u0119ki kt\u00f3rym nasza szko\u0142a b\u0119dzie mog\u0142a nie tylko przyswoi\u0107 sobie now\u0105 wiedz\u0119. Ale r\u00f3wnie\u017c wypracowa\u0107 w sobie wi\u0119ksz\u0105 samodzielno\u015b\u0107 i kreatywno\u015b\u0107;<\/p>\n<p><strong>Szkolenia, kt\u00f3re wybrali\u015bmy:<\/strong><\/p>\n<p><em>1. Information and Communication Technologies and social media for teaching and learning<\/em><\/p>\n<p><em>2. Teambuilding &amp; yoyth activation practices<\/em><\/p>\n<p><em>3. Genaral English<\/em><\/p>\n<p><em>4. Deutschlehrerausbildung<\/em><\/p>\n<p><em>5. Strategies of integrative learning in the classrom<\/em><\/p>\n<p><em>6. Job shadowing<\/em><\/p>\n<p>Udzia\u0142 w projekcie pozwoli uczestnikom na podniesienie jako\u015bci pracy szko\u0142y. Skorzystaj\u0105 z tego nie tylko nauczyciele, ale r\u00f3wnie\u017c uczniowie i ich rodzice. Dzi\u0119ki innowacji metodologicznej nauczanie j\u0119zyk\u00f3w obcych stanie si\u0119 bardziej efektywne. M\u0142odzie\u017c b\u0119dzie mog\u0142a \u0142atwiej wykorzysta\u0107 zdobyte informacje w praktyce, a jej przysz\u0142e mo\u017cliwo\u015bci na rynku pracy znacznie wzrosn\u0105.<\/p>\n<p>Wdro\u017cenie innowacyjnego podej\u015bcia do nauczania urozmaici nasza ofert\u0119 edukacyjna oraz wzmocni nasz\u0105 pozycje w\u015br\u00f3d szk\u00f3\u0142 regionu.<\/p>\n<p>Wierzymy, \u017ce projekt\u00a0<em><strong>Przygotowanie do wprowadzenia nauczania w klasach dwuj\u0119zycznych oraz do wprowadzenia element\u00f3w matury mi\u0119dzynarodowej- nowa o\u015b rozwoju kadry pracowniczej w Zespole Szk\u00f3l Og\u00f3lnokszta\u0142c\u0105cych w Bystrzycy K\u0142odzkiej<\/strong><\/em>\u00a0b\u0119dzie wspania\u0142ym do\u015bwiadczeniem dla naszych nauczycieli, uczni\u00f3w i ca\u0142ej spo\u0142eczno\u015bci szkolnej oraz, \u017ce jego idee i rezultaty dotr\u0105 do szerszego grona odbiorc\u00f3w i przynios\u0105 wiele korzy\u015bci zar\u00f3wno naszej szkole jak i spo\u0142eczno\u015bci lokalnej. Udzia\u0142 w mi\u0119dzynarodowym projekcie z pewno\u015bci\u0105 wp\u0142ynie na edukacj\u0119 obywatelsk\u0105 i \u015bwiadomo\u015b\u0107 kulturow\u0105 uczni\u00f3w naszej szko\u0142y, nauczy ich postaw<\/p>\n<p>tolerancji i otwarto\u015bci wobec innych narodowo\u015bci, poszerzy horyzonty, jak r\u00f3wnie\u017c zmotywuje do nauki j\u0119zyk\u00f3w obcych. W\u0142a\u015bnie dlatego nasi nauczyciele podejmuj\u0105 innowacyjne dzia\u0142ania\u00a0w ramach projektu ERASMUS + .<\/p>\n","protected":false},"excerpt":{"rendered":"<p>ERASMUS+ KA101 EDUKACJA SZKOLNA MOBILNO\u015a\u0106 KADRY EDUKACJI SZKOLNEJ &nbsp; Projekt:\u00a0Przygotowanie do wprowadzenia nauczania w klasach dwuj\u0119zycznych oraz do wprowadzenia element\u00f3w matury mi\u0119dzynarodowej- nowa o\u015b rozwoju kadry pracowniczej w Zespole Szk\u00f3l Og\u00f3lnokszta\u0142c\u0105cych w Bystrzycy K\u0142odzkiej &nbsp;&#8230;<\/p>\n","protected":false},"author":2,"featured_media":0,"parent":0,"menu_order":0,"comment_status":"closed","ping_status":"closed","template":"","meta":{"footnotes":""},"_links":{"self":[{"href":"https:\/\/archiwumsp1.zsobystrzyca.pl\/index.php?rest_route=\/wp\/v2\/pages\/2044"}],"collection":[{"href":"https:\/\/archiwumsp1.zsobystrzyca.pl\/index.php?rest_route=\/wp\/v2\/pages"}],"about":[{"href":"https:\/\/archiwumsp1.zsobystrzyca.pl\/index.php?rest_route=\/wp\/v2\/types\/page"}],"author":[{"embeddable":true,"href":"https:\/\/archiwumsp1.zsobystrzyca.pl\/index.php?rest_route=\/wp\/v2\/users\/2"}],"replies":[{"embeddable":true,"href":"https:\/\/archiwumsp1.zsobystrzyca.pl\/index.php?rest_route=%2Fwp%2Fv2%2Fcomments&post=2044"}],"version-history":[{"count":1,"href":"https:\/\/archiwumsp1.zsobystrzyca.pl\/index.php?rest_route=\/wp\/v2\/pages\/2044\/revisions"}],"predecessor-version":[{"id":2049,"href":"https:\/\/archiwumsp1.zsobystrzyca.pl\/index.php?rest_route=\/wp\/v2\/pages\/2044\/revisions\/2049"}],"wp:attachment":[{"href":"https:\/\/archiwumsp1.zsobystrzyca.pl\/index.php?rest_route=%2Fwp%2Fv2%2Fmedia&parent=2044"}],"curies":[{"name":"wp","href":"https:\/\/api.w.org\/{rel}","templated":true}]}}