{"id":1681,"date":"2019-09-15T17:51:47","date_gmt":"2019-09-15T16:51:47","guid":{"rendered":"https:\/\/archiwumsp1.zsobystrzyca.pl\/?page_id=1681"},"modified":"2023-10-16T09:20:06","modified_gmt":"2023-10-16T08:20:06","slug":"klauzula-i-informacyjna-rodo","status":"publish","type":"page","link":"https:\/\/archiwumsp1.zsobystrzyca.pl\/?page_id=1681","title":{"rendered":"RODO"},"content":{"rendered":"\r\n<p>Na podstawie rozporz\u0105dzenia Parlamentu Europejskiego i Rady (UE) 2016\/679 z dnia 27 kwietnia 2016 r. w sprawie ochrony os\u00f3b fizycznych w zwi\u0105zku z przetwarzaniem danych osobowych i w sprawie swobodnego przep\u0142ywu takich danych oraz uchylenia dyrektywy 95\/46\/WE (og\u00f3lnego rozporz\u0105dzenia\u00a0 o ochronie danych), Dz.U.UE.L.2016.119.1 (dalej: RODO)<\/p>\r\n\r\n\r\n\r\n<p>informujemy, \u017ce:<\/p>\r\n\r\n\r\n\r\n<p>1) Administratorem danych osobowych Pani\/Pana oraz dziecka jest Dyrektor Zespo\u0142u Szk\u00f3\u0142 Og\u00f3lnokszta\u0142c\u0105cych w Bystrzycy K\u0142odzkiej z siedzib\u0105 w Bystrzycy K\u0142odzkiej przy ul. Sempo\u0142owskiej 13 ;<\/p>\r\n\r\n\r\n\r\n<p>2) w sprawach z zakresu ochrony danych osobowych nale\u017cy kontaktowa\u0107 si\u0119\u00a0z Inspektorem<br \/>Ochrony Danych Osobowych Dariuszem Styczyrzem e-mail:\u00a0<a href=\"mailto:iodumig@bystrzycaklodzka.pl\" target=\"_blank\" rel=\"noreferrer noopener\">iodumig@bystrzycaklodzka.pl<\/a>,<br \/>pod nr tel. 74 8 117 659, a tak\u017ce korespondencyjnie na adres Urz\u0119du: ul. H. Sienkiewicza 6, 57-500<br \/>Bystrzyca K\u0142odzka.<\/p>\r\n\r\n\r\n\r\n<p>3) dane osobowe Pani\/Pana oraz dziecka s\u0105 przetwarzane w celach wynikaj\u0105cych z przepis\u00f3w prawa, a zw\u0142aszcza ustawy Prawo o\u015bwiatowe, ustawy o systemie informacji o\u015bwiatowej oraz akt\u00f3w prawnych wydanych na podstawie tych ustaw, w tym rozporz\u0105dzenia w sprawie szczeg\u00f3\u0142owych zasad dzia\u0142ania publicznych szk\u00f3\u0142, w zakresie realizacji zada\u0144 dydaktycznych, wychowawczych\u00a0 i opieku\u0144czych, przy czym podstaw\u0119 przetwarzania danych osobowych na gruncie RODO stanowi\u0105 przede wszystkim art. 6 ust. 1 lit. C, oraz art. 9 ust. 2 lit. g tego rozporz\u0105dzenia; niekiedy podstaw\u0105 prawn\u0105 przetwarzania danych osobowych przez Szko\u0142\u0119 mo\u017ce by\u0107 dobrowolna zgoda na przetwarzanie danych uzyskiwana na zasadach okre\u015blonych w art. 6 ust. 1 lit. a lub art. 9 ust. 2 lit. a.<\/p>\r\n\r\n\r\n\r\n<p>4) Administrator mo\u017ce przekaza\u0107 dane osobowe upowa\u017cnionym podmiotom tylko na podstawie i w granicach przepis\u00f3w prawa;<\/p>\r\n\r\n\r\n\r\n<p>5) dane osobowe nie b\u0119d\u0105 przekazywane do pa\u0144stwa trzeciego ani do organizacji mi\u0119dzynarodowej, a gdyby mia\u0142o si\u0119 to odbywa\u0107, pozostanie zgodne z zasadami wynikaj\u0105cymi\u00a0 z RODO;<\/p>\r\n\r\n\r\n\r\n<p>6) dane b\u0119d\u0105 przechowywane przez okres wskazany w art. 160 ustawy Prawo o\u015bwiatowe, z kt\u00f3rego wynika, \u017ce dane osobowe kandydat\u00f3w zgromadzone w celach post\u0119powania rekrutacyjnego oraz dokumentacja post\u0119powania rekrutacyjnego s\u0105 przechowywane nie d\u0142u\u017cej ni\u017c do ko\u0144ca okresu, w kt\u00f3rym kandydat ucz\u0119szcza do szko\u0142y, za\u015b dane osobowe kandydat\u00f3w nieprzyj\u0119tych zgromadzone w celach post\u0119powania rekrutacyjnego s\u0105 przechowywane w szkole, przez okres roku, chyba \u017ce na rozstrzygni\u0119cie dyrektora szko\u0142y zosta\u0142a wniesiona skarga do s\u0105du administracyjnego i post\u0119powanie nie zosta\u0142o zako\u0144czone prawomocnym wyrokiem;<\/p>\r\n\r\n\r\n\r\n<p>7) Ka\u017cda osoba, kt\u00f3rej dane dotycz\u0105, jest uprawniona w trybie art. 15 RODO do uzyskania dost\u0119pu do danych osobowych jej dotycz\u0105cych oraz informacji o prawie do ich sprostowania, usuni\u0119cia lub ograniczenia oraz wniesienia sprzeciwu;<\/p>\r\n\r\n\r\n\r\n<p>8) W trakcie przetwarzania danych nie dochodzi do zautomatyzowanego podejmowania decyzji ani do ich profilowania;<\/p>\r\n\r\n\r\n\r\n<p>9) je\u015bli przetwarzanie danych osobowych narusza obowi\u0105zuj\u0105ce przepisy prawa mo\u017cliwe jest zgodnie z art. 77 RODO wniesienie skargi do organu nadzorczego, kt\u00f3rym w Polsce jest Prezes Urz\u0119du Ochrony Danych Osobowych;<\/p>\r\n\r\n\r\n\r\n<p>10) podanie danych osobowych jest obowi\u0105zkowe w\u00f3wczas, gdy wynika to wprost z przepis\u00f3w ustaw, o kt\u00f3rych wy\u017cej mowa lub rozporz\u0105dze\u0144 wydanych na ich podstawie, w pozosta\u0142ym zakresie nie jest obowi\u0105zkowe, jednak jest warunkiem umo\u017cliwiaj\u0105cym realizacj\u0119 pomocy psychologiczno \u2013 pedagogicznej przez Szko\u0142\u0119, lub warunkiem umo\u017cliwiaj\u0105cym ubieganie si\u0119 o przyj\u0119cie do szko\u0142y.<\/p>\r\n\r\n\r\n\r\n<p><strong>Jakie dane o Tobie zbieramy?<\/strong><\/p>\r\n\r\n\r\n\r\n<p>Dane zbierane automatycznie<br \/>Podczas Twojej wizyty na naszej stronie internetowej, automatycznie zbierane s\u0105 dane dotycz\u0105ce Twojej wizyty, np. Tw\u00f3j adres IP, nazwa domeny, typ przegl\u0105darki, typ systemu operacyjnego, itp.<\/p>\r\n\r\n\r\n\r\n<p>Dane zbierane, gdy kontaktujesz si\u0119 z nami<br \/>Gdy kontaktujesz si\u0119 z nami za pomoc\u0105 strony internetowej, telefonu, poczty email, itp. przekazujesz nam swoje dane osobowe, np. imi\u0119, nazwisko, adres email, itp.<\/p>\r\n\r\n\r\n\r\n<p><strong>W jaki spos\u00f3b wykorzystujemy Twoje dane?<\/strong><\/p>\r\n\r\n\r\n\r\n<p>W \u017cadnym wypadku nie b\u0119dziemy sprzedawali danych zebranych o Tobie podmiotom trzecim.<\/p>\r\n\r\n\r\n\r\n<p>Dane zbierane automatycznie mog\u0105 by\u0107 u\u017cyte do analizy zachowa\u0144 u\u017cytkownik\u00f3w na naszej stronie internetowej, zbierania danych demograficznych o naszych u\u017cytkownikach, lub do personalizacji zawarto\u015bci naszych stron internetowych. Dane te s\u0105 zbierane automatycznie o ka\u017cdym u\u017cytkowniku.<\/p>\r\n\r\n\r\n\r\n<p>Dane zbierane w trakcie korespondencji pomi\u0119dzy Tob\u0105, a naszym serwisem b\u0119d\u0105 wykorzystane wy\u0142\u0105cznie w celu odpowiedzi na Twoje zapytanie.<\/p>\r\n\r\n\r\n\r\n<p>W przypadku kontroli Urz\u0119du Ochrony Danych Osobowych, Twoje dane mog\u0105 zosta\u0107 udost\u0119pnione pracownikom Urz\u0119du zgodnie z ustaw\u0105 o ochronie danych osobowych.<\/p>\r\n\r\n\r\n\r\n<p>W przypadku naruszenia prawa, lub gdy b\u0119d\u0105 wymaga\u0142y tego przepisy prawa, mo\u017cemy udost\u0119pni\u0107 Twoje dane organom wymiaru sprawiedliwo\u015bci.<\/p>\r\n\r\n\r\n\r\n<p><strong>Wykorzystanie ciasteczek (\u201ecookies\u201d)<\/strong><\/p>\r\n\r\n\r\n\r\n<p>Nasza strona internetowa mo\u017ce wykorzystywa\u0107 ciasteczka, kt\u00f3re s\u0142u\u017c\u0105 identyfikacji Twojej przegl\u0105darki podczas korzystania z naszej strony, aby\u015bmy wiedzieli jak\u0105 stron\u0119 Ci wy\u015bwietli\u0107. Ciasteczka nie zawieraj\u0105 \u017cadnych danych osobowych.<\/p>\r\n\r\n\r\n\r\n<p><strong>Zmiany naszej polityki prywatno\u015bci.<\/strong><\/p>\r\n\r\n\r\n\r\n<p>Zastrzegamy sobie prawo zmiany powy\u017cszej polityki prywatno\u015bci poprzez opublikowanie nowej polityki prywatno\u015bci na tej stronie.<\/p>\r\n\r\n\r\n\r\n<p><em>W razie dodatkowych pyta\u0144 dotycz\u0105cych ochrony prywatno\u015bci, prosimy o kontakt korzystaj\u0105c z formularza kontaktowego na stronie kontaktowej.<\/em><\/p>\r\n","protected":false},"excerpt":{"rendered":"<p>Na podstawie rozporz\u0105dzenia Parlamentu Europejskiego i Rady (UE) 2016\/679 z dnia 27 kwietnia 2016 r. w sprawie ochrony os\u00f3b fizycznych w zwi\u0105zku z przetwarzaniem danych osobowych i w sprawie swobodnego przep\u0142ywu takich danych oraz uchylenia&#8230;<\/p>\n","protected":false},"author":2,"featured_media":0,"parent":0,"menu_order":0,"comment_status":"closed","ping_status":"closed","template":"","meta":{"footnotes":""},"_links":{"self":[{"href":"https:\/\/archiwumsp1.zsobystrzyca.pl\/index.php?rest_route=\/wp\/v2\/pages\/1681"}],"collection":[{"href":"https:\/\/archiwumsp1.zsobystrzyca.pl\/index.php?rest_route=\/wp\/v2\/pages"}],"about":[{"href":"https:\/\/archiwumsp1.zsobystrzyca.pl\/index.php?rest_route=\/wp\/v2\/types\/page"}],"author":[{"embeddable":true,"href":"https:\/\/archiwumsp1.zsobystrzyca.pl\/index.php?rest_route=\/wp\/v2\/users\/2"}],"replies":[{"embeddable":true,"href":"https:\/\/archiwumsp1.zsobystrzyca.pl\/index.php?rest_route=%2Fwp%2Fv2%2Fcomments&post=1681"}],"version-history":[{"count":4,"href":"https:\/\/archiwumsp1.zsobystrzyca.pl\/index.php?rest_route=\/wp\/v2\/pages\/1681\/revisions"}],"predecessor-version":[{"id":2373,"href":"https:\/\/archiwumsp1.zsobystrzyca.pl\/index.php?rest_route=\/wp\/v2\/pages\/1681\/revisions\/2373"}],"wp:attachment":[{"href":"https:\/\/archiwumsp1.zsobystrzyca.pl\/index.php?rest_route=%2Fwp%2Fv2%2Fmedia&parent=1681"}],"curies":[{"name":"wp","href":"https:\/\/api.w.org\/{rel}","templated":true}]}}